{"id":944,"date":"2026-04-15T19:56:31","date_gmt":"2026-04-15T19:56:31","guid":{"rendered":"https:\/\/renewerner.tv\/tv\/?page_id=944"},"modified":"2026-04-19T20:34:32","modified_gmt":"2026-04-19T20:34:32","slug":"impressum","status":"publish","type":"page","link":"https:\/\/renewerner.tv\/tv\/impressum\/","title":{"rendered":"Impressum"},"content":{"rendered":"\n<p><strong>Impressum<\/strong><\/p>\n\n\n\n<p>Hier stehen die formalen Angaben gem\u00e4\u00df \u00a7 5 TMG.<br>F\u00fcr alles, was dar\u00fcber hinausgeht, nimm besser direkt Kontakt auf.<\/p>\n\n\n\n<p>Ren\u00e9 Werner<br>c\/o Praxis Louven<br>Dionysiusplatz 4<br>47798 Krefeld<\/p>\n\n\n\n<p><strong>Kontakt:<\/strong><br>E-Mail: <span class=\"mail\"><span class=\"mail\"><a href=\"mailto:rene@renewerner.tv\" rel=\"nofollow\">rene@renewerner.tv<\/a><\/span><\/span><br>Telefon: <a href=\"tel:+49 2151 4860297\" target=\"_blank\" rel=\"noreferrer noopener\">+49 2151 4860297<\/a><\/p>\n\n\n\n<p><strong>Verantwortlich f\u00fcr den Inhalt nach \u00a7 18 Abs. 2 MStV:<\/strong><br>Ren\u00e9 Werner c\/o Praxis Louven<br>Dionysiusplatz 4<br>47798 Krefeld<\/p>\n\n\n\n<p><strong>Berufsbezeichnung und berufsrechtliche Regelungen<\/strong><br>Angaben zur T\u00e4tigkeit:<\/p>\n\n\n\n<p>Ren\u00e9 Werner ist als selbstst\u00e4ndiger Berater im Bereich Organisationsentwicklung und Transformation t\u00e4tig.<\/p>\n\n\n\n<p>Die Leistungen umfassen die Analyse, Konzeption und Begleitung von Ver\u00e4nderungsprozessen in Organisationen, insbesondere im Kontext von Plattformstrukturen, Entscheidungslogiken und digitaler Transformation.<\/p>\n\n\n\n<p>Es handelt sich hierbei um eine beratende T\u00e4tigkeit.<br>Eine heilkundliche oder therapeutische Leistung wird nicht erbracht.<\/p>\n\n\n\n<p><strong>Haftung f\u00fcr Inhalte:<\/strong><br>Als Diensteanbieter sind wir gem\u00e4\u00df \u00a7 7 Abs.1 TMG f\u00fcr eigene Inhalte auf diesen Seiten nach den allgemeinen Gesetzen verantwortlich. Nach \u00a7\u00a7 8 bis 10 TMG sind wir als Diensteanbieter jedoch nicht verpflichtet, \u00fcbermittelte oder gespeicherte fremde Informationen zu \u00fcberwachen oder nach Umst\u00e4nden zu forschen, die auf eine rechtswidrige T\u00e4tigkeit hinweisen. Verpflichtungen zur Entfernung oder Sperrung der Nutzung von Informationen nach den allgemeinen Gesetzen bleiben hiervon unber\u00fchrt. Eine diesbez\u00fcgliche Haftung ist jedoch erst ab dem Zeitpunkt der Kenntnis einer konkreten Rechtsverletzung m\u00f6glich. Bei Bekanntwerden entsprechender Rechtsverletzungen werden wir diese Inhalte umgehend entfernen.<\/p>\n\n\n\n<p><strong>Haftung f\u00fcr Links:<\/strong><br>Unser Angebot enth\u00e4lt Links zu externen Webseiten Dritter, auf deren Inhalte wir keinen Einfluss haben. Deshalb k\u00f6nnen wir f\u00fcr diese fremden Inhalte auch keine Gew\u00e4hr \u00fcbernehmen. F\u00fcr die Inhalte der verlinkten Seiten ist stets der jeweilige Anbieter oder Betreiber der Seiten verantwortlich. Die verlinkten Seiten wurden zum Zeitpunkt der Verlinkung auf m\u00f6gliche Rechtsverst\u00f6\u00dfe \u00fcberpr\u00fcft. Rechtswidrige Inhalte waren zum Zeitpunkt der Verlinkung nicht erkennbar. Eine permanente inhaltliche Kontrolle der verlinkten Seiten ist jedoch ohne konkrete Anhaltspunkte einer Rechtsverletzung nicht zumutbar. Bei Bekanntwerden von Rechtsverletzungen werden wir derartige Links umgehend entfernen.<\/p>\n\n\n\n<p><strong>Urheberrecht:<\/strong><br>Die durch die Seitenbetreiber erstellten Inhalte und Werke auf diesen Seiten unterliegen dem deutschen Urheberrecht. Die Vervielf\u00e4ltigung, Bearbeitung, Verbreitung und jede Art der Verwertung au\u00dferhalb der Grenzen des Urheberrechtes bed\u00fcrfen der schriftlichen Zustimmung des jeweiligen Autors bzw. Erstellers. Downloads und Kopien dieser Seite sind nur f\u00fcr den privaten, nicht kommerziellen Gebrauch gestattet. Soweit die Inhalte auf dieser Seite nicht vom Betreiber erstellt wurden, werden die Urheberrechte Dritter beachtet. Insbesondere werden Inhalte Dritter als solche gekennzeichnet. Solltest du trotzdem auf eine Urheberrechtsverletzung aufmerksam werden, bitten wir um einen entsprechenden Hinweis. Bei Bekanntwerden von Rechtsverletzungen werden wir derartige Inhalte umgehend entfernen.<\/p>\n\n\n\n<hr class=\"wp-block-separator has-alpha-channel-opacity\"\/>\n","protected":false},"excerpt":{"rendered":"<p>Impressum Hier stehen die formalen Angaben gem\u00e4\u00df \u00a7 5 TMG.F\u00fcr alles, was dar\u00fcber hinausgeht, nimm besser direkt Kontakt auf. Ren\u00e9 Wernerc\/o Praxis LouvenDionysiusplatz 447798 Krefeld Kontakt:E-Mail: rene@renewerner.tvTelefon: +49 2151 4860297 Verantwortlich f\u00fcr den Inhalt nach \u00a7 18 Abs. 2 MStV:Ren\u00e9 Werner c\/o Praxis LouvenDionysiusplatz 447798 Krefeld Berufsbezeichnung und berufsrechtliche RegelungenAngaben zur T\u00e4tigkeit: Ren\u00e9 Werner ist [&hellip;]<\/p>\n","protected":false},"author":1,"featured_media":0,"parent":0,"menu_order":0,"comment_status":"closed","ping_status":"closed","template":"","meta":{"_citadela_hide_page_title":"1","_citadela_remove_header_space":"","_citadela_custom_class":"","_citadela_half_map_provider":"","_citadela_half_map_theme":"","_citadela_half_map_themeOSM":"","_citadela_half_map_customTheme":"","_citadela_half_map_dataType":"","_citadela_half_map_dynamicTrack":false,"_citadela_half_map_trackColor":"","_citadela_half_map_trackEndpointsColor":"","_citadela_half_map_filterCategory":"","_citadela_half_map_filterLocation":"","_citadela_half_map_filterFeatured":false,"_citadela_half_map_noDataBehavior":"empty-map","_citadela_half_map_noDataText":"","_citadela_half_map_clusterGridSize":80,"_citadela_header":false,"_citadela_header_over_content":false,"_citadela_header_text_color":"","_citadela_header_logo":[],"_citadela_header_bg_image":[],"_citadela_header_bg_position":{"x":0.5,"y":0.5},"_citadela_header_bg_size":"cover","_citadela_header_bg_repeat":"no-repeat","_citadela_header_bg_fixed":false,"_citadela_header_bg_color":"","_citadela_header_bg_image_overlay":"","_citadela_header_transparent_bg":false,"_citadela_content_width":"","_citadela_half_layout_position":"","footnotes":""},"class_list":["post-944","page","type-page","status-publish","hentry"],"yoast_head":"<!-- This site is optimized with the Yoast SEO plugin v27.4 - https:\/\/yoast.com\/product\/yoast-seo-wordpress\/ -->\n<title>Impressum | REN\u00c9 WERNER<\/title>\n<meta name=\"description\" content=\"Ren\u00e9 Werner ist als selbstst\u00e4ndiger Berater im Bereich Organisationsentwicklung und Transformation t\u00e4tig. Die Leistungen umfassen die Analyse, Konzeption und Begleitung von Ver\u00e4nderungsprozessen in Organisationen, insbesondere im Kontext von Plattformstrukturen, Entscheidungslogiken und digitaler Transformation.\" \/>\n<meta name=\"robots\" content=\"index, follow, max-snippet:-1, max-image-preview:large, max-video-preview:-1\" \/>\n<link rel=\"canonical\" href=\"https:\/\/renewerner.tv\/tv\/impressum\/\" \/>\n<meta property=\"og:locale\" content=\"de_DE\" \/>\n<meta property=\"og:type\" content=\"article\" \/>\n<meta property=\"og:title\" content=\"Impressum | REN\u00c9 WERNER\" \/>\n<meta property=\"og:description\" content=\"Ren\u00e9 Werner ist als selbstst\u00e4ndiger Berater im Bereich Organisationsentwicklung und Transformation t\u00e4tig. Die Leistungen umfassen die Analyse, Konzeption und Begleitung von Ver\u00e4nderungsprozessen in Organisationen, insbesondere im Kontext von Plattformstrukturen, Entscheidungslogiken und digitaler Transformation.\" \/>\n<meta property=\"og:url\" content=\"https:\/\/renewerner.tv\/tv\/impressum\/\" \/>\n<meta property=\"og:site_name\" content=\"REN\u00c9 WERNER\" \/>\n<meta property=\"article:modified_time\" content=\"2026-04-19T20:34:32+00:00\" \/>\n<meta name=\"twitter:card\" content=\"summary_large_image\" \/>\n<meta name=\"twitter:label1\" content=\"Gesch\u00e4tzte Lesezeit\" \/>\n\t<meta name=\"twitter:data1\" content=\"3\u00a0Minuten\" \/>\n<script type=\"application\/ld+json\" class=\"yoast-schema-graph\">{\"@context\":\"https:\\\/\\\/schema.org\",\"@graph\":[{\"@type\":\"WebPage\",\"@id\":\"https:\\\/\\\/renewerner.tv\\\/tv\\\/impressum\\\/\",\"url\":\"https:\\\/\\\/renewerner.tv\\\/tv\\\/impressum\\\/\",\"name\":\"Impressum | REN\u00c9 WERNER\",\"isPartOf\":{\"@id\":\"https:\\\/\\\/renewerner.tv\\\/tv\\\/#website\"},\"datePublished\":\"2026-04-15T19:56:31+00:00\",\"dateModified\":\"2026-04-19T20:34:32+00:00\",\"description\":\"Ren\u00e9 Werner ist als selbstst\u00e4ndiger Berater im Bereich Organisationsentwicklung und Transformation t\u00e4tig. Die Leistungen umfassen die Analyse, Konzeption und Begleitung von Ver\u00e4nderungsprozessen in Organisationen, insbesondere im Kontext von Plattformstrukturen, Entscheidungslogiken und digitaler Transformation.\",\"breadcrumb\":{\"@id\":\"https:\\\/\\\/renewerner.tv\\\/tv\\\/impressum\\\/#breadcrumb\"},\"inLanguage\":\"de\",\"potentialAction\":[{\"@type\":\"ReadAction\",\"target\":[\"https:\\\/\\\/renewerner.tv\\\/tv\\\/impressum\\\/\"]}]},{\"@type\":\"BreadcrumbList\",\"@id\":\"https:\\\/\\\/renewerner.tv\\\/tv\\\/impressum\\\/#breadcrumb\",\"itemListElement\":[{\"@type\":\"ListItem\",\"position\":1,\"name\":\"Homepage\",\"item\":\"https:\\\/\\\/renewerner.tv\\\/tv\\\/\"},{\"@type\":\"ListItem\",\"position\":2,\"name\":\"Impressum\"}]},{\"@type\":\"WebSite\",\"@id\":\"https:\\\/\\\/renewerner.tv\\\/tv\\\/#website\",\"url\":\"https:\\\/\\\/renewerner.tv\\\/tv\\\/\",\"name\":\"REN\u00c9 WERNER\",\"description\":\"Struktur vor Ma\u00dfnahme.\",\"potentialAction\":[{\"@type\":\"SearchAction\",\"target\":{\"@type\":\"EntryPoint\",\"urlTemplate\":\"https:\\\/\\\/renewerner.tv\\\/tv\\\/?s={search_term_string}\"},\"query-input\":{\"@type\":\"PropertyValueSpecification\",\"valueRequired\":true,\"valueName\":\"search_term_string\"}}],\"inLanguage\":\"de\"}]}<\/script>\n<!-- \/ Yoast SEO plugin. -->","yoast_head_json":{"title":"Impressum | REN\u00c9 WERNER","description":"Ren\u00e9 Werner ist als selbstst\u00e4ndiger Berater im Bereich Organisationsentwicklung und Transformation t\u00e4tig. Die Leistungen umfassen die Analyse, Konzeption und Begleitung von Ver\u00e4nderungsprozessen in Organisationen, insbesondere im Kontext von Plattformstrukturen, Entscheidungslogiken und digitaler Transformation.","robots":{"index":"index","follow":"follow","max-snippet":"max-snippet:-1","max-image-preview":"max-image-preview:large","max-video-preview":"max-video-preview:-1"},"canonical":"https:\/\/renewerner.tv\/tv\/impressum\/","og_locale":"de_DE","og_type":"article","og_title":"Impressum | REN\u00c9 WERNER","og_description":"Ren\u00e9 Werner ist als selbstst\u00e4ndiger Berater im Bereich Organisationsentwicklung und Transformation t\u00e4tig. Die Leistungen umfassen die Analyse, Konzeption und Begleitung von Ver\u00e4nderungsprozessen in Organisationen, insbesondere im Kontext von Plattformstrukturen, Entscheidungslogiken und digitaler Transformation.","og_url":"https:\/\/renewerner.tv\/tv\/impressum\/","og_site_name":"REN\u00c9 WERNER","article_modified_time":"2026-04-19T20:34:32+00:00","twitter_card":"summary_large_image","twitter_misc":{"Gesch\u00e4tzte Lesezeit":"3\u00a0Minuten"},"schema":{"@context":"https:\/\/schema.org","@graph":[{"@type":"WebPage","@id":"https:\/\/renewerner.tv\/tv\/impressum\/","url":"https:\/\/renewerner.tv\/tv\/impressum\/","name":"Impressum | REN\u00c9 WERNER","isPartOf":{"@id":"https:\/\/renewerner.tv\/tv\/#website"},"datePublished":"2026-04-15T19:56:31+00:00","dateModified":"2026-04-19T20:34:32+00:00","description":"Ren\u00e9 Werner ist als selbstst\u00e4ndiger Berater im Bereich Organisationsentwicklung und Transformation t\u00e4tig. Die Leistungen umfassen die Analyse, Konzeption und Begleitung von Ver\u00e4nderungsprozessen in Organisationen, insbesondere im Kontext von Plattformstrukturen, Entscheidungslogiken und digitaler Transformation.","breadcrumb":{"@id":"https:\/\/renewerner.tv\/tv\/impressum\/#breadcrumb"},"inLanguage":"de","potentialAction":[{"@type":"ReadAction","target":["https:\/\/renewerner.tv\/tv\/impressum\/"]}]},{"@type":"BreadcrumbList","@id":"https:\/\/renewerner.tv\/tv\/impressum\/#breadcrumb","itemListElement":[{"@type":"ListItem","position":1,"name":"Homepage","item":"https:\/\/renewerner.tv\/tv\/"},{"@type":"ListItem","position":2,"name":"Impressum"}]},{"@type":"WebSite","@id":"https:\/\/renewerner.tv\/tv\/#website","url":"https:\/\/renewerner.tv\/tv\/","name":"REN\u00c9 WERNER","description":"Struktur vor Ma\u00dfnahme.","potentialAction":[{"@type":"SearchAction","target":{"@type":"EntryPoint","urlTemplate":"https:\/\/renewerner.tv\/tv\/?s={search_term_string}"},"query-input":{"@type":"PropertyValueSpecification","valueRequired":true,"valueName":"search_term_string"}}],"inLanguage":"de"}]}},"_links":{"self":[{"href":"https:\/\/renewerner.tv\/tv\/wp-json\/wp\/v2\/pages\/944","targetHints":{"allow":["GET"]}}],"collection":[{"href":"https:\/\/renewerner.tv\/tv\/wp-json\/wp\/v2\/pages"}],"about":[{"href":"https:\/\/renewerner.tv\/tv\/wp-json\/wp\/v2\/types\/page"}],"author":[{"embeddable":true,"href":"https:\/\/renewerner.tv\/tv\/wp-json\/wp\/v2\/users\/1"}],"replies":[{"embeddable":true,"href":"https:\/\/renewerner.tv\/tv\/wp-json\/wp\/v2\/comments?post=944"}],"version-history":[{"count":9,"href":"https:\/\/renewerner.tv\/tv\/wp-json\/wp\/v2\/pages\/944\/revisions"}],"predecessor-version":[{"id":1059,"href":"https:\/\/renewerner.tv\/tv\/wp-json\/wp\/v2\/pages\/944\/revisions\/1059"}],"wp:attachment":[{"href":"https:\/\/renewerner.tv\/tv\/wp-json\/wp\/v2\/media?parent=944"}],"curies":[{"name":"wp","href":"https:\/\/api.w.org\/{rel}","templated":true}]}}